{"id":976,"date":"2025-02-05T18:29:47","date_gmt":"2025-02-05T17:29:47","guid":{"rendered":"https:\/\/compagnie-l-aime-en-terre.fr\/v2\/?post_type=tribe_events&#038;p=976"},"modified":"2025-02-05T18:51:46","modified_gmt":"2025-02-05T17:51:46","slug":"stage-de-conte-conte-et-voix","status":"publish","type":"tribe_events","link":"https:\/\/compagnie-l-aime-en-terre.fr\/v2\/event\/stage-de-conte-conte-et-voix\/","title":{"rendered":"Stage de conte : conte et voix"},"content":{"rendered":"<p>Envie de captiver l&rsquo;auditoire ? Stage de Conte \u00e0 la MJC de Auxerre !<br \/>\nAvant Neftlix et autres, nos anc\u00eatres se r\u00e9unissaient autour du feu pour partager des histoires&#8230; Et si on renouait avec cette tradition ?<br \/>\nD\u00e9couvrez ou approfondissez l&rsquo;art mill\u00e9naire du conte, o\u00f9 votre voix devient le plus puissant des effets sp\u00e9ciaux ! Pas besoin d&rsquo;\u00eatre une star ou de savoir chanter ! Il vous faudra juste avoir l&rsquo;envie de partager et un brin d&rsquo;imagination. \ud83c\udf1f<br \/>\nAu programme de ce stage : mise en condition, exploration vocale, usage du silence, pose du regard&#8230; Cr\u00e9ez des moments magiques et soyez un vibrant passeur d&rsquo;histoires !<br \/>\n\u2728 Pour tous les niveaux<br \/>\n\ud83d\udcab D\u00e9veloppez votre cr\u00e9ativit\u00e9<br \/>\n\ud83c\udf1f Partagez des \u00e9motions uniques<br \/>\n\ud83e\udd1d Rejoignez une communaut\u00e9 passionn\u00e9e<br \/>\nVous serez conduit.e.s avec bienveillance par les conteuses Anne Le Moigne (aussi com\u00e9dienne) et Gadoue Ga\u00efa (aussi musicologue)<br \/>\nInfos et inscriptions \u00e0 la MJC ou au 0614860263<\/p>\n<p>100 \u20ac le Week-end (non adh\u00e9rent)<br \/>\nAdh\u00e9rents MJC ou Cie L aime en Terre : 85 \u20ac Adh\u00e9sions possibles sur place<br \/>\ninscription obligatoire<br \/>\nT\u00e9l. 06 14 86 02 63 \/ 12 places maximum &gt; <strong><a href=\"https:\/\/www.helloasso.com\/associations\/la-compagnie-l-aime-en-terre\/evenements\/stage-contes-et-chants\" target=\"_blank\" rel=\"noopener\">r\u00e9server<\/a><\/strong> &lt;<\/p>\n","protected":false},"excerpt":{"rendered":"<p>D\u00e9couvrez ou approfondissez l&rsquo;art mill\u00e9naire du conte, o\u00f9 votre voix devient le plus puissant des effets sp\u00e9ciaux ! Pas besoin d&rsquo;\u00eatre une star ou de savoir chanter ! Il vous faudra juste avoir l&rsquo;envie de partager et un brin d&rsquo;imagination.<br \/>\nAu programme de ce stage : mise en condition, exploration vocale, usage du silence, pose du regard&#8230; avec les conteuses Anne Le Moigne (aussi com\u00e9dienne) et Gadoue Ga\u00efa (aussi musicologue)<\/p>\n","protected":false},"author":2,"featured_media":970,"template":"","meta":{"_tribe_events_status":"","_tribe_events_status_reason":"","footnotes":""},"tags":[5,42,49,50],"tribe_events_cat":[],"class_list":["post-976","tribe_events","type-tribe_events","status-publish","has-post-thumbnail","hentry","tag-contes","tag-geste","tag-training","tag-voix"],"yoast_head":"<!-- This site is optimized with the Yoast SEO plugin v25.2 - https:\/\/yoast.com\/wordpress\/plugins\/seo\/ -->\n<title>Stage de conte : conte et voix - La compagnie &quot;L&quot; aime en terre<\/title>\n<meta name=\"description\" content=\"%\" \/>\n<meta name=\"robots\" content=\"index, follow, max-snippet:-1, max-image-preview:large, max-video-preview:-1\" \/>\n<link rel=\"canonical\" href=\"https:\/\/compagnie-l-aime-en-terre.fr\/v2\/event\/stage-de-conte-conte-et-voix\/\" \/>\n<meta property=\"og:locale\" content=\"fr_FR\" \/>\n<meta property=\"og:type\" content=\"article\" \/>\n<meta property=\"og:title\" content=\"Stage de conte : conte et voix - La compagnie &quot;L&quot; aime en terre\" \/>\n<meta property=\"og:description\" content=\"%\" \/>\n<meta property=\"og:url\" content=\"https:\/\/compagnie-l-aime-en-terre.fr\/v2\/event\/stage-de-conte-conte-et-voix\/\" \/>\n<meta property=\"og:site_name\" content=\"La compagnie &quot;L&quot; aime en terre\" \/>\n<meta property=\"article:publisher\" content=\"https:\/\/www.facebook.com\/laimeenterre\/\" \/>\n<meta property=\"article:modified_time\" content=\"2025-02-05T17:51:46+00:00\" \/>\n<meta property=\"og:image\" content=\"https:\/\/compagnie-l-aime-en-terre.fr\/v2\/wp-content\/uploads\/2025\/02\/stage-cte-et-voix-dessin.png\" \/>\n\t<meta property=\"og:image:width\" content=\"934\" \/>\n\t<meta property=\"og:image:height\" content=\"463\" \/>\n\t<meta property=\"og:image:type\" content=\"image\/png\" \/>\n<meta name=\"twitter:card\" content=\"summary_large_image\" \/>\n<meta name=\"twitter:label1\" content=\"Dur\u00e9e de lecture estim\u00e9e\" \/>\n\t<meta name=\"twitter:data1\" content=\"1 minute\" \/>\n<script type=\"application\/ld+json\" class=\"yoast-schema-graph\">{\"@context\":\"https:\/\/schema.org\",\"@graph\":[{\"@type\":\"WebPage\",\"@id\":\"https:\/\/compagnie-l-aime-en-terre.fr\/v2\/event\/stage-de-conte-conte-et-voix\/\",\"url\":\"https:\/\/compagnie-l-aime-en-terre.fr\/v2\/event\/stage-de-conte-conte-et-voix\/\",\"name\":\"Stage de conte : conte et voix - La compagnie &quot;L&quot; aime en terre\",\"isPartOf\":{\"@id\":\"https:\/\/compagnie-l-aime-en-terre.fr\/v2\/#website\"},\"primaryImageOfPage\":{\"@id\":\"https:\/\/compagnie-l-aime-en-terre.fr\/v2\/event\/stage-de-conte-conte-et-voix\/#primaryimage\"},\"image\":{\"@id\":\"https:\/\/compagnie-l-aime-en-terre.fr\/v2\/event\/stage-de-conte-conte-et-voix\/#primaryimage\"},\"thumbnailUrl\":\"https:\/\/compagnie-l-aime-en-terre.fr\/v2\/wp-content\/uploads\/2025\/02\/stage-cte-et-voix-dessin.png\",\"datePublished\":\"2025-02-05T17:29:47+00:00\",\"dateModified\":\"2025-02-05T17:51:46+00:00\",\"description\":\"%\",\"breadcrumb\":{\"@id\":\"https:\/\/compagnie-l-aime-en-terre.fr\/v2\/event\/stage-de-conte-conte-et-voix\/#breadcrumb\"},\"inLanguage\":\"fr-FR\",\"potentialAction\":[{\"@type\":\"ReadAction\",\"target\":[\"https:\/\/compagnie-l-aime-en-terre.fr\/v2\/event\/stage-de-conte-conte-et-voix\/\"]}]},{\"@type\":\"ImageObject\",\"inLanguage\":\"fr-FR\",\"@id\":\"https:\/\/compagnie-l-aime-en-terre.fr\/v2\/event\/stage-de-conte-conte-et-voix\/#primaryimage\",\"url\":\"https:\/\/compagnie-l-aime-en-terre.fr\/v2\/wp-content\/uploads\/2025\/02\/stage-cte-et-voix-dessin.png\",\"contentUrl\":\"https:\/\/compagnie-l-aime-en-terre.fr\/v2\/wp-content\/uploads\/2025\/02\/stage-cte-et-voix-dessin.png\",\"width\":934,\"height\":463},{\"@type\":\"BreadcrumbList\",\"@id\":\"https:\/\/compagnie-l-aime-en-terre.fr\/v2\/event\/stage-de-conte-conte-et-voix\/#breadcrumb\",\"itemListElement\":[{\"@type\":\"ListItem\",\"position\":1,\"name\":\"Accueil\",\"item\":\"https:\/\/compagnie-l-aime-en-terre.fr\/v2\/\"},{\"@type\":\"ListItem\",\"position\":2,\"name\":\"\u00c9v\u00e8nements\",\"item\":\"https:\/\/compagnie-l-aime-en-terre.fr\/v2\/events\/\"},{\"@type\":\"ListItem\",\"position\":3,\"name\":\"Stage de conte : conte et voix\"}]},{\"@type\":\"WebSite\",\"@id\":\"https:\/\/compagnie-l-aime-en-terre.fr\/v2\/#website\",\"url\":\"https:\/\/compagnie-l-aime-en-terre.fr\/v2\/\",\"name\":\"La compagnie L. aime en terre\",\"description\":\"Th\u00e9\u00e2tre de Rue et de jardins, conteuse, spectacles et ateliers\",\"publisher\":{\"@id\":\"https:\/\/compagnie-l-aime-en-terre.fr\/v2\/#organization\"},\"alternateName\":\"L aime en Terre\",\"potentialAction\":[{\"@type\":\"SearchAction\",\"target\":{\"@type\":\"EntryPoint\",\"urlTemplate\":\"https:\/\/compagnie-l-aime-en-terre.fr\/v2\/?s={search_term_string}\"},\"query-input\":{\"@type\":\"PropertyValueSpecification\",\"valueRequired\":true,\"valueName\":\"search_term_string\"}}],\"inLanguage\":\"fr-FR\"},{\"@type\":\"Organization\",\"@id\":\"https:\/\/compagnie-l-aime-en-terre.fr\/v2\/#organization\",\"name\":\"La compagnie \\\"L\\\" aime en terre\",\"alternateName\":\"L aime en Terre\",\"url\":\"https:\/\/compagnie-l-aime-en-terre.fr\/v2\/\",\"logo\":{\"@type\":\"ImageObject\",\"inLanguage\":\"fr-FR\",\"@id\":\"https:\/\/compagnie-l-aime-en-terre.fr\/v2\/#\/schema\/logo\/image\/\",\"url\":\"https:\/\/compagnie-l-aime-en-terre.fr\/v2\/wp-content\/uploads\/2021\/10\/cropped-IMG_1931.jpg\",\"contentUrl\":\"https:\/\/compagnie-l-aime-en-terre.fr\/v2\/wp-content\/uploads\/2021\/10\/cropped-IMG_1931.jpg\",\"width\":445,\"height\":421,\"caption\":\"La compagnie \\\"L\\\" aime en terre\"},\"image\":{\"@id\":\"https:\/\/compagnie-l-aime-en-terre.fr\/v2\/#\/schema\/logo\/image\/\"},\"sameAs\":[\"https:\/\/www.facebook.com\/laimeenterre\/\",\"https:\/\/www.instagram.com\/laimeenterre\/\"]}]}<\/script>\n<!-- \/ Yoast SEO plugin. -->","yoast_head_json":{"title":"Stage de conte : conte et voix - La compagnie &quot;L&quot; aime en terre","description":"%","robots":{"index":"index","follow":"follow","max-snippet":"max-snippet:-1","max-image-preview":"max-image-preview:large","max-video-preview":"max-video-preview:-1"},"canonical":"https:\/\/compagnie-l-aime-en-terre.fr\/v2\/event\/stage-de-conte-conte-et-voix\/","og_locale":"fr_FR","og_type":"article","og_title":"Stage de conte : conte et voix - La compagnie &quot;L&quot; aime en terre","og_description":"%","og_url":"https:\/\/compagnie-l-aime-en-terre.fr\/v2\/event\/stage-de-conte-conte-et-voix\/","og_site_name":"La compagnie &quot;L&quot; aime en terre","article_publisher":"https:\/\/www.facebook.com\/laimeenterre\/","article_modified_time":"2025-02-05T17:51:46+00:00","og_image":[{"width":934,"height":463,"url":"https:\/\/compagnie-l-aime-en-terre.fr\/v2\/wp-content\/uploads\/2025\/02\/stage-cte-et-voix-dessin.png","type":"image\/png"}],"twitter_card":"summary_large_image","twitter_misc":{"Dur\u00e9e de lecture estim\u00e9e":"1 minute"},"schema":{"@context":"https:\/\/schema.org","@graph":[{"@type":"WebPage","@id":"https:\/\/compagnie-l-aime-en-terre.fr\/v2\/event\/stage-de-conte-conte-et-voix\/","url":"https:\/\/compagnie-l-aime-en-terre.fr\/v2\/event\/stage-de-conte-conte-et-voix\/","name":"Stage de conte : conte et voix - La compagnie &quot;L&quot; aime en terre","isPartOf":{"@id":"https:\/\/compagnie-l-aime-en-terre.fr\/v2\/#website"},"primaryImageOfPage":{"@id":"https:\/\/compagnie-l-aime-en-terre.fr\/v2\/event\/stage-de-conte-conte-et-voix\/#primaryimage"},"image":{"@id":"https:\/\/compagnie-l-aime-en-terre.fr\/v2\/event\/stage-de-conte-conte-et-voix\/#primaryimage"},"thumbnailUrl":"https:\/\/compagnie-l-aime-en-terre.fr\/v2\/wp-content\/uploads\/2025\/02\/stage-cte-et-voix-dessin.png","datePublished":"2025-02-05T17:29:47+00:00","dateModified":"2025-02-05T17:51:46+00:00","description":"%","breadcrumb":{"@id":"https:\/\/compagnie-l-aime-en-terre.fr\/v2\/event\/stage-de-conte-conte-et-voix\/#breadcrumb"},"inLanguage":"fr-FR","potentialAction":[{"@type":"ReadAction","target":["https:\/\/compagnie-l-aime-en-terre.fr\/v2\/event\/stage-de-conte-conte-et-voix\/"]}]},{"@type":"ImageObject","inLanguage":"fr-FR","@id":"https:\/\/compagnie-l-aime-en-terre.fr\/v2\/event\/stage-de-conte-conte-et-voix\/#primaryimage","url":"https:\/\/compagnie-l-aime-en-terre.fr\/v2\/wp-content\/uploads\/2025\/02\/stage-cte-et-voix-dessin.png","contentUrl":"https:\/\/compagnie-l-aime-en-terre.fr\/v2\/wp-content\/uploads\/2025\/02\/stage-cte-et-voix-dessin.png","width":934,"height":463},{"@type":"BreadcrumbList","@id":"https:\/\/compagnie-l-aime-en-terre.fr\/v2\/event\/stage-de-conte-conte-et-voix\/#breadcrumb","itemListElement":[{"@type":"ListItem","position":1,"name":"Accueil","item":"https:\/\/compagnie-l-aime-en-terre.fr\/v2\/"},{"@type":"ListItem","position":2,"name":"\u00c9v\u00e8nements","item":"https:\/\/compagnie-l-aime-en-terre.fr\/v2\/events\/"},{"@type":"ListItem","position":3,"name":"Stage de conte : conte et voix"}]},{"@type":"WebSite","@id":"https:\/\/compagnie-l-aime-en-terre.fr\/v2\/#website","url":"https:\/\/compagnie-l-aime-en-terre.fr\/v2\/","name":"La compagnie L. aime en terre","description":"Th\u00e9\u00e2tre de Rue et de jardins, conteuse, spectacles et ateliers","publisher":{"@id":"https:\/\/compagnie-l-aime-en-terre.fr\/v2\/#organization"},"alternateName":"L aime en Terre","potentialAction":[{"@type":"SearchAction","target":{"@type":"EntryPoint","urlTemplate":"https:\/\/compagnie-l-aime-en-terre.fr\/v2\/?s={search_term_string}"},"query-input":{"@type":"PropertyValueSpecification","valueRequired":true,"valueName":"search_term_string"}}],"inLanguage":"fr-FR"},{"@type":"Organization","@id":"https:\/\/compagnie-l-aime-en-terre.fr\/v2\/#organization","name":"La compagnie \"L\" aime en terre","alternateName":"L aime en Terre","url":"https:\/\/compagnie-l-aime-en-terre.fr\/v2\/","logo":{"@type":"ImageObject","inLanguage":"fr-FR","@id":"https:\/\/compagnie-l-aime-en-terre.fr\/v2\/#\/schema\/logo\/image\/","url":"https:\/\/compagnie-l-aime-en-terre.fr\/v2\/wp-content\/uploads\/2021\/10\/cropped-IMG_1931.jpg","contentUrl":"https:\/\/compagnie-l-aime-en-terre.fr\/v2\/wp-content\/uploads\/2021\/10\/cropped-IMG_1931.jpg","width":445,"height":421,"caption":"La compagnie \"L\" aime en terre"},"image":{"@id":"https:\/\/compagnie-l-aime-en-terre.fr\/v2\/#\/schema\/logo\/image\/"},"sameAs":["https:\/\/www.facebook.com\/laimeenterre\/","https:\/\/www.instagram.com\/laimeenterre\/"]}]}},"_links":{"self":[{"href":"https:\/\/compagnie-l-aime-en-terre.fr\/v2\/wp-json\/wp\/v2\/tribe_events\/976","targetHints":{"allow":["GET"]}}],"collection":[{"href":"https:\/\/compagnie-l-aime-en-terre.fr\/v2\/wp-json\/wp\/v2\/tribe_events"}],"about":[{"href":"https:\/\/compagnie-l-aime-en-terre.fr\/v2\/wp-json\/wp\/v2\/types\/tribe_events"}],"author":[{"embeddable":true,"href":"https:\/\/compagnie-l-aime-en-terre.fr\/v2\/wp-json\/wp\/v2\/users\/2"}],"version-history":[{"count":2,"href":"https:\/\/compagnie-l-aime-en-terre.fr\/v2\/wp-json\/wp\/v2\/tribe_events\/976\/revisions"}],"predecessor-version":[{"id":991,"href":"https:\/\/compagnie-l-aime-en-terre.fr\/v2\/wp-json\/wp\/v2\/tribe_events\/976\/revisions\/991"}],"wp:featuredmedia":[{"embeddable":true,"href":"https:\/\/compagnie-l-aime-en-terre.fr\/v2\/wp-json\/wp\/v2\/media\/970"}],"wp:attachment":[{"href":"https:\/\/compagnie-l-aime-en-terre.fr\/v2\/wp-json\/wp\/v2\/media?parent=976"}],"wp:term":[{"taxonomy":"post_tag","embeddable":true,"href":"https:\/\/compagnie-l-aime-en-terre.fr\/v2\/wp-json\/wp\/v2\/tags?post=976"},{"taxonomy":"tribe_events_cat","embeddable":true,"href":"https:\/\/compagnie-l-aime-en-terre.fr\/v2\/wp-json\/wp\/v2\/tribe_events_cat?post=976"}],"curies":[{"name":"wp","href":"https:\/\/api.w.org\/{rel}","templated":true}]}}